{"id":854,"date":"2024-05-15T10:15:55","date_gmt":"2024-05-15T08:15:55","guid":{"rendered":"http:\/\/127.0.0.1\/w\/?page_id=854"},"modified":"2025-02-12T14:38:55","modified_gmt":"2025-02-12T13:38:55","slug":"spectacles","status":"publish","type":"page","link":"https:\/\/lemanegedegivet.fr\/?page_id=854","title":{"rendered":"Spectacles"},"content":{"rendered":"\n<div style=\"height:18px\" aria-hidden=\"true\" class=\"wp-block-spacer\"><\/div>\n\n\n\n<div class=\"wp-block-buttons is-content-justification-center is-layout-flex wp-container-core-buttons-is-layout-a89b3969 wp-block-buttons-is-layout-flex\">\n<div class=\"wp-block-button has-custom-font-size has-large-font-size\"><a class=\"wp-block-button__link has-contrast-color has-accent-3-background-color has-text-color has-background has-link-color wp-element-button\" href=\"https:\/\/subdomain-161734.placeminute.com\/?_locale=fr\" style=\"border-style:none;border-width:0px;border-radius:35px;box-shadow:var(--wp--preset--shadow--sharp)\" target=\"_blank\" rel=\"noreferrer noopener\">R\u00e9servez vos billets en ligne<\/a><\/div>\n<\/div>\n\n\n\n<div style=\"height:17px\" aria-hidden=\"true\" class=\"wp-block-spacer\"><\/div>\n\n\n\n<div class=\"wp-block-uagb-container uagb-block-243470d6 alignfull uagb-is-root-container\"><div class=\"uagb-container-inner-blocks-wrap\">\n<div class=\"wp-block-query alignwide is-layout-flow wp-block-query-is-layout-flow\">\n<div class=\"wp-block-uagb-separator uagb-block-e765542b wp-block-uagb-separator--text\"><div class=\"wp-block-uagb-separator__inner\" style=\"--my-background-image:\"><div class=\"wp-block-uagb-separator-element\"><h3 class=\"uagb-html-tag\">Spectacles<\/h3><\/div><\/div><\/div>\n\n\n\n\n\n<div class=\"wp-block-group is-layout-flow wp-container-core-group-is-layout-52a830e2 wp-block-group-is-layout-flow\" style=\"border-radius:0px;margin-top:0;margin-bottom:0;padding-top:var(--wp--preset--spacing--10);padding-right:var(--wp--preset--spacing--10);padding-bottom:var(--wp--preset--spacing--10);padding-left:var(--wp--preset--spacing--10)\">\n<p><\/p>\n\n\n<ul class=\"columns-4 alignfull wp-block-post-template is-layout-grid wp-container-core-post-template-is-layout-0eac9162 wp-block-post-template-is-layout-grid\"><li class=\"wp-block-post post-2771 post type-post status-publish format-standard has-post-thumbnail hentry category-spectacles\">\n<figure style=\"aspect-ratio:3\/4; padding-bottom:2px;margin-bottom:0;\" class=\"featured_pic wp-block-post-featured-image\"><a href=\"https:\/\/lemanegedegivet.fr\/?p=2771\" target=\"_self\"  ><img loading=\"lazy\" decoding=\"async\" width=\"556\" height=\"783\" src=\"https:\/\/lemanegedegivet.fr\/wp-content\/uploads\/Mal-de-mere.png\" class=\"attachment-post-thumbnail size-post-thumbnail wp-post-image\" alt=\"MAL DE M\u00c8RE\" style=\"width:100%;height:100%;object-fit:cover;\" srcset=\"https:\/\/lemanegedegivet.fr\/wp-content\/uploads\/Mal-de-mere.png 556w, https:\/\/lemanegedegivet.fr\/wp-content\/uploads\/Mal-de-mere-213x300.png 213w, https:\/\/lemanegedegivet.fr\/wp-content\/uploads\/Mal-de-mere-200x282.png 200w\" sizes=\"auto, (max-width: 556px) 100vw, 556px\" \/><\/a><\/figure>\n\n\n<div class=\"wp-block-group is-vertical is-nowrap is-layout-flex wp-container-core-group-is-layout-f2b4d46f wp-block-group-is-layout-flex\" style=\"margin-top:0;padding-top:0\"><h2 class=\"has-link-color wp-elements-6a45a7e2d27acd1b25b7978aa99cb5a6 wp-block-post-title has-text-color has-contrast-color has-large-font-size wp-container-content-32e3a40d\"><a href=\"https:\/\/lemanegedegivet.fr\/?p=2771\" target=\"_self\" >MAL DE M\u00c8RE<\/a><\/h2>\n\n<div style=\"padding-top:0;padding-bottom:0;margin-top:0;margin-bottom:0;\" class=\"wp-block-post-excerpt has-text-color has-contrast-2-color has-small-font-size wp-container-content-32e3a40d\"><p class=\"wp-block-post-excerpt__excerpt\">Une pi\u00e8ce de th\u00e9\u00e2tre \u00e0 venir voir au Man\u00e8ge de Givet, le samedi 11 octobre 2025 \u00e0 20h30. <\/p><\/div><\/div>\n\n<\/li><li class=\"wp-block-post post-2778 post type-post status-publish format-standard has-post-thumbnail hentry category-spectacles\">\n<figure style=\"aspect-ratio:3\/4; padding-bottom:2px;margin-bottom:0;\" class=\"featured_pic wp-block-post-featured-image\"><a href=\"https:\/\/lemanegedegivet.fr\/?p=2778\" target=\"_self\"  ><img loading=\"lazy\" decoding=\"async\" width=\"412\" height=\"619\" src=\"https:\/\/lemanegedegivet.fr\/wp-content\/uploads\/La-cagnotte.png\" class=\"attachment-post-thumbnail size-post-thumbnail wp-post-image\" alt=\"LA CAGNOTTE\" style=\"width:100%;height:100%;object-fit:cover;\" srcset=\"https:\/\/lemanegedegivet.fr\/wp-content\/uploads\/La-cagnotte.png 412w, https:\/\/lemanegedegivet.fr\/wp-content\/uploads\/La-cagnotte-200x300.png 200w\" sizes=\"auto, (max-width: 412px) 100vw, 412px\" \/><\/a><\/figure>\n\n\n<div class=\"wp-block-group is-vertical is-nowrap is-layout-flex wp-container-core-group-is-layout-f2b4d46f wp-block-group-is-layout-flex\" style=\"margin-top:0;padding-top:0\"><h2 class=\"has-link-color wp-elements-6a45a7e2d27acd1b25b7978aa99cb5a6 wp-block-post-title has-text-color has-contrast-color has-large-font-size wp-container-content-32e3a40d\"><a href=\"https:\/\/lemanegedegivet.fr\/?p=2778\" target=\"_self\" >LA CAGNOTTE<\/a><\/h2>\n\n<div style=\"padding-top:0;padding-bottom:0;margin-top:0;margin-bottom:0;\" class=\"wp-block-post-excerpt has-text-color has-contrast-2-color has-small-font-size wp-container-content-32e3a40d\"><p class=\"wp-block-post-excerpt__excerpt\">Une pi\u00e8ce burlesque, \u00e0 venir voir au Man\u00e8ge de Givet, le 7 novembre 2025 \u00e0 20h30. <\/p><\/div><\/div>\n\n<\/li><li class=\"wp-block-post post-2757 post type-post status-publish format-standard has-post-thumbnail hentry category-spectacles\">\n<figure style=\"aspect-ratio:3\/4; padding-bottom:2px;margin-bottom:0;\" class=\"featured_pic wp-block-post-featured-image\"><a href=\"https:\/\/lemanegedegivet.fr\/?p=2757\" target=\"_self\"  ><img loading=\"lazy\" decoding=\"async\" width=\"1810\" height=\"2560\" src=\"https:\/\/lemanegedegivet.fr\/wp-content\/uploads\/La-Degustation-Affiche-fond-scaled.jpg\" class=\"attachment-post-thumbnail size-post-thumbnail wp-post-image\" alt=\"LA D\u00c9GUSTATION\" style=\"width:100%;height:100%;object-fit:cover;\" srcset=\"https:\/\/lemanegedegivet.fr\/wp-content\/uploads\/La-Degustation-Affiche-fond-scaled.jpg 1810w, https:\/\/lemanegedegivet.fr\/wp-content\/uploads\/La-Degustation-Affiche-fond-212x300.jpg 212w, https:\/\/lemanegedegivet.fr\/wp-content\/uploads\/La-Degustation-Affiche-fond-724x1024.jpg 724w, https:\/\/lemanegedegivet.fr\/wp-content\/uploads\/La-Degustation-Affiche-fond-768x1086.jpg 768w, https:\/\/lemanegedegivet.fr\/wp-content\/uploads\/La-Degustation-Affiche-fond-1086x1536.jpg 1086w, https:\/\/lemanegedegivet.fr\/wp-content\/uploads\/La-Degustation-Affiche-fond-1448x2048.jpg 1448w, https:\/\/lemanegedegivet.fr\/wp-content\/uploads\/La-Degustation-Affiche-fond-200x283.jpg 200w\" sizes=\"auto, (max-width: 1810px) 100vw, 1810px\" \/><\/a><\/figure>\n\n\n<div class=\"wp-block-group is-vertical is-nowrap is-layout-flex wp-container-core-group-is-layout-f2b4d46f wp-block-group-is-layout-flex\" style=\"margin-top:0;padding-top:0\"><h2 class=\"has-link-color wp-elements-6a45a7e2d27acd1b25b7978aa99cb5a6 wp-block-post-title has-text-color has-contrast-color has-large-font-size wp-container-content-32e3a40d\"><a href=\"https:\/\/lemanegedegivet.fr\/?p=2757\" target=\"_self\" >LA D\u00c9GUSTATION<\/a><\/h2>\n\n<div style=\"padding-top:0;padding-bottom:0;margin-top:0;margin-bottom:0;\" class=\"wp-block-post-excerpt has-text-color has-contrast-2-color has-small-font-size wp-container-content-32e3a40d\"><p class=\"wp-block-post-excerpt__excerpt\">Une pi\u00e8ce comique, \u00e0 venir voir au Man\u00e8ge de Givet, le 29 novembre 2025 \u00e0 20h30. <\/p><\/div><\/div>\n\n<\/li><li class=\"wp-block-post post-2780 post type-post status-publish format-standard has-post-thumbnail hentry category-spectacles\">\n<figure style=\"aspect-ratio:3\/4; padding-bottom:2px;margin-bottom:0;\" class=\"featured_pic wp-block-post-featured-image\"><a href=\"https:\/\/lemanegedegivet.fr\/?p=2780\" target=\"_self\"  ><img loading=\"lazy\" decoding=\"async\" width=\"1708\" height=\"2560\" src=\"https:\/\/lemanegedegivet.fr\/wp-content\/uploads\/AFFICHE-OFFICIELLE-2025-tournee-1-scaled.jpg\" class=\"attachment-post-thumbnail size-post-thumbnail wp-post-image\" alt=\"LES FRENCH TWINS\" style=\"width:100%;height:100%;object-fit:cover;\" srcset=\"https:\/\/lemanegedegivet.fr\/wp-content\/uploads\/AFFICHE-OFFICIELLE-2025-tournee-1-scaled.jpg 1708w, https:\/\/lemanegedegivet.fr\/wp-content\/uploads\/AFFICHE-OFFICIELLE-2025-tournee-1-200x300.jpg 200w, https:\/\/lemanegedegivet.fr\/wp-content\/uploads\/AFFICHE-OFFICIELLE-2025-tournee-1-683x1024.jpg 683w, https:\/\/lemanegedegivet.fr\/wp-content\/uploads\/AFFICHE-OFFICIELLE-2025-tournee-1-768x1151.jpg 768w, https:\/\/lemanegedegivet.fr\/wp-content\/uploads\/AFFICHE-OFFICIELLE-2025-tournee-1-1025x1536.jpg 1025w, https:\/\/lemanegedegivet.fr\/wp-content\/uploads\/AFFICHE-OFFICIELLE-2025-tournee-1-1366x2048.jpg 1366w\" sizes=\"auto, (max-width: 1708px) 100vw, 1708px\" \/><\/a><\/figure>\n\n\n<div class=\"wp-block-group is-vertical is-nowrap is-layout-flex wp-container-core-group-is-layout-f2b4d46f wp-block-group-is-layout-flex\" style=\"margin-top:0;padding-top:0\"><h2 class=\"has-link-color wp-elements-6a45a7e2d27acd1b25b7978aa99cb5a6 wp-block-post-title has-text-color has-contrast-color has-large-font-size wp-container-content-32e3a40d\"><a href=\"https:\/\/lemanegedegivet.fr\/?p=2780\" target=\"_self\" >LES FRENCH TWINS<\/a><\/h2>\n\n<div style=\"padding-top:0;padding-bottom:0;margin-top:0;margin-bottom:0;\" class=\"wp-block-post-excerpt has-text-color has-contrast-2-color has-small-font-size wp-container-content-32e3a40d\"><p class=\"wp-block-post-excerpt__excerpt\">Un spectacle de magie 3.0, \u00e0 venir voir au Man\u00e8ge de Givet, le 17 d\u00e9cembre 2025 \u00e0 20h00. <\/p><\/div><\/div>\n\n<\/li><li class=\"wp-block-post post-2779 post type-post status-publish format-standard has-post-thumbnail hentry category-spectacles\">\n<figure style=\"aspect-ratio:3\/4; padding-bottom:2px;margin-bottom:0;\" class=\"featured_pic wp-block-post-featured-image\"><a href=\"https:\/\/lemanegedegivet.fr\/?p=2779\" target=\"_self\"  ><img loading=\"lazy\" decoding=\"async\" width=\"787\" height=\"1181\" src=\"https:\/\/lemanegedegivet.fr\/wp-content\/uploads\/booder-affiche-web-complet.png\" class=\"attachment-post-thumbnail size-post-thumbnail wp-post-image\" alt=\"BOODER AH\u2026 L&rsquo;\u00c9COLE!\" style=\"width:100%;height:100%;object-fit:cover;\" srcset=\"https:\/\/lemanegedegivet.fr\/wp-content\/uploads\/booder-affiche-web-complet.png 787w, https:\/\/lemanegedegivet.fr\/wp-content\/uploads\/booder-affiche-web-complet-200x300.png 200w, https:\/\/lemanegedegivet.fr\/wp-content\/uploads\/booder-affiche-web-complet-682x1024.png 682w, https:\/\/lemanegedegivet.fr\/wp-content\/uploads\/booder-affiche-web-complet-768x1152.png 768w\" sizes=\"auto, (max-width: 787px) 100vw, 787px\" \/><\/a><\/figure>\n\n\n<div class=\"wp-block-group is-vertical is-nowrap is-layout-flex wp-container-core-group-is-layout-f2b4d46f wp-block-group-is-layout-flex\" style=\"margin-top:0;padding-top:0\"><h2 class=\"has-link-color wp-elements-6a45a7e2d27acd1b25b7978aa99cb5a6 wp-block-post-title has-text-color has-contrast-color has-large-font-size wp-container-content-32e3a40d\"><a href=\"https:\/\/lemanegedegivet.fr\/?p=2779\" target=\"_self\" >BOODER AH\u2026 L&rsquo;\u00c9COLE!<\/a><\/h2>\n\n<div style=\"padding-top:0;padding-bottom:0;margin-top:0;margin-bottom:0;\" class=\"wp-block-post-excerpt has-text-color has-contrast-2-color has-small-font-size wp-container-content-32e3a40d\"><p class=\"wp-block-post-excerpt__excerpt\">Une soir\u00e9e comique, \u00e0 venir voir au Man\u00e8ge de Givet, le mercredi 28 janvier 2026 \u00e0 20h30. <\/p><\/div><\/div>\n\n<\/li><li class=\"wp-block-post post-2808 post type-post status-publish format-standard has-post-thumbnail hentry category-spectacles\">\n<figure style=\"aspect-ratio:3\/4; padding-bottom:2px;margin-bottom:0;\" class=\"featured_pic wp-block-post-featured-image\"><a href=\"https:\/\/lemanegedegivet.fr\/?p=2808\" target=\"_self\"  ><img loading=\"lazy\" decoding=\"async\" width=\"490\" height=\"659\" src=\"https:\/\/lemanegedegivet.fr\/wp-content\/uploads\/Euphorie.png\" class=\"attachment-post-thumbnail size-post-thumbnail wp-post-image\" alt=\"L&rsquo;EUPHONIE DES COQUECIGRUES\" style=\"width:100%;height:100%;object-fit:cover;\" srcset=\"https:\/\/lemanegedegivet.fr\/wp-content\/uploads\/Euphorie.png 490w, https:\/\/lemanegedegivet.fr\/wp-content\/uploads\/Euphorie-223x300.png 223w, https:\/\/lemanegedegivet.fr\/wp-content\/uploads\/Euphorie-200x269.png 200w\" sizes=\"auto, (max-width: 490px) 100vw, 490px\" \/><\/a><\/figure>\n\n\n<div class=\"wp-block-group is-vertical is-nowrap is-layout-flex wp-container-core-group-is-layout-f2b4d46f wp-block-group-is-layout-flex\" style=\"margin-top:0;padding-top:0\"><h2 class=\"has-link-color wp-elements-6a45a7e2d27acd1b25b7978aa99cb5a6 wp-block-post-title has-text-color has-contrast-color has-large-font-size wp-container-content-32e3a40d\"><a href=\"https:\/\/lemanegedegivet.fr\/?p=2808\" target=\"_self\" >L&rsquo;EUPHONIE DES COQUECIGRUES<\/a><\/h2>\n\n<div style=\"padding-top:0;padding-bottom:0;margin-top:0;margin-bottom:0;\" class=\"wp-block-post-excerpt has-text-color has-contrast-2-color has-small-font-size wp-container-content-32e3a40d\"><p class=\"wp-block-post-excerpt__excerpt\">Une soir\u00e9e musicale, \u00e0 venir voir au Man\u00e8ge de Givet, le 13 f\u00e9vrier 2026 \u00e0 20h30 <\/p><\/div><\/div>\n\n<\/li><li class=\"wp-block-post post-2809 post type-post status-publish format-standard has-post-thumbnail hentry category-spectacles\">\n<figure style=\"aspect-ratio:3\/4; padding-bottom:2px;margin-bottom:0;\" class=\"featured_pic wp-block-post-featured-image\"><a href=\"https:\/\/lemanegedegivet.fr\/?p=2809\" target=\"_self\"  ><img loading=\"lazy\" decoding=\"async\" width=\"895\" height=\"1649\" src=\"https:\/\/lemanegedegivet.fr\/wp-content\/uploads\/Image.jpg\" class=\"attachment-post-thumbnail size-post-thumbnail wp-post-image\" alt=\"TU, LEI, &amp; IO\" style=\"width:100%;height:100%;object-fit:cover;\" srcset=\"https:\/\/lemanegedegivet.fr\/wp-content\/uploads\/Image.jpg 895w, https:\/\/lemanegedegivet.fr\/wp-content\/uploads\/Image-163x300.jpg 163w, https:\/\/lemanegedegivet.fr\/wp-content\/uploads\/Image-556x1024.jpg 556w, https:\/\/lemanegedegivet.fr\/wp-content\/uploads\/Image-768x1415.jpg 768w, https:\/\/lemanegedegivet.fr\/wp-content\/uploads\/Image-834x1536.jpg 834w, https:\/\/lemanegedegivet.fr\/wp-content\/uploads\/Image-200x368.jpg 200w\" sizes=\"auto, (max-width: 895px) 100vw, 895px\" \/><\/a><\/figure>\n\n\n<div class=\"wp-block-group is-vertical is-nowrap is-layout-flex wp-container-core-group-is-layout-f2b4d46f wp-block-group-is-layout-flex\" style=\"margin-top:0;padding-top:0\"><h2 class=\"has-link-color wp-elements-6a45a7e2d27acd1b25b7978aa99cb5a6 wp-block-post-title has-text-color has-contrast-color has-large-font-size wp-container-content-32e3a40d\"><a href=\"https:\/\/lemanegedegivet.fr\/?p=2809\" target=\"_self\" >TU, LEI, &amp; IO<\/a><\/h2>\n\n<div style=\"padding-top:0;padding-bottom:0;margin-top:0;margin-bottom:0;\" class=\"wp-block-post-excerpt has-text-color has-contrast-2-color has-small-font-size wp-container-content-32e3a40d\"><p class=\"wp-block-post-excerpt__excerpt\">Une spectacle de danse, \u00e0 venir voir au Man\u00e8ge de Givet, le 6 mars 2026 \u00e0 20h30. <\/p><\/div><\/div>\n\n<\/li><li class=\"wp-block-post post-2810 post type-post status-publish format-standard has-post-thumbnail hentry category-spectacles\">\n<figure style=\"aspect-ratio:3\/4; padding-bottom:2px;margin-bottom:0;\" class=\"featured_pic wp-block-post-featured-image\"><a href=\"https:\/\/lemanegedegivet.fr\/?p=2810\" target=\"_self\"  ><img loading=\"lazy\" decoding=\"async\" width=\"930\" height=\"952\" src=\"https:\/\/lemanegedegivet.fr\/wp-content\/uploads\/Capture-Camille-2.jpg\" class=\"attachment-post-thumbnail size-post-thumbnail wp-post-image\" alt=\"CAMILLE BERTAULT\" style=\"width:100%;height:100%;object-fit:cover;\" srcset=\"https:\/\/lemanegedegivet.fr\/wp-content\/uploads\/Capture-Camille-2.jpg 930w, https:\/\/lemanegedegivet.fr\/wp-content\/uploads\/Capture-Camille-2-293x300.jpg 293w, https:\/\/lemanegedegivet.fr\/wp-content\/uploads\/Capture-Camille-2-768x786.jpg 768w, https:\/\/lemanegedegivet.fr\/wp-content\/uploads\/Capture-Camille-2-200x205.jpg 200w\" sizes=\"auto, (max-width: 930px) 100vw, 930px\" \/><\/a><\/figure>\n\n\n<div class=\"wp-block-group is-vertical is-nowrap is-layout-flex wp-container-core-group-is-layout-f2b4d46f wp-block-group-is-layout-flex\" style=\"margin-top:0;padding-top:0\"><h2 class=\"has-link-color wp-elements-6a45a7e2d27acd1b25b7978aa99cb5a6 wp-block-post-title has-text-color has-contrast-color has-large-font-size wp-container-content-32e3a40d\"><a href=\"https:\/\/lemanegedegivet.fr\/?p=2810\" target=\"_self\" >CAMILLE BERTAULT<\/a><\/h2>\n\n<div style=\"padding-top:0;padding-bottom:0;margin-top:0;margin-bottom:0;\" class=\"wp-block-post-excerpt has-text-color has-contrast-2-color has-small-font-size wp-container-content-32e3a40d\"><p class=\"wp-block-post-excerpt__excerpt\">Un concert Jazz, \u00e0 venir \u00e9couter au Man\u00e8ge de Givet, le 15 mai 2026 \u00e0 20h30. <\/p><\/div><\/div>\n\n<\/li><li class=\"wp-block-post post-2811 post type-post status-publish format-standard has-post-thumbnail hentry category-spectacles\">\n<figure style=\"aspect-ratio:3\/4; padding-bottom:2px;margin-bottom:0;\" class=\"featured_pic wp-block-post-featured-image\"><a href=\"https:\/\/lemanegedegivet.fr\/?p=2811\" target=\"_self\"  ><img loading=\"lazy\" decoding=\"async\" width=\"1024\" height=\"1536\" src=\"https:\/\/lemanegedegivet.fr\/wp-content\/uploads\/Affiche-West-side-Story.png\" class=\"attachment-post-thumbnail size-post-thumbnail wp-post-image\" alt=\"WEST SIDE STORY\" style=\"width:100%;height:100%;object-fit:cover;\" srcset=\"https:\/\/lemanegedegivet.fr\/wp-content\/uploads\/Affiche-West-side-Story.png 1024w, https:\/\/lemanegedegivet.fr\/wp-content\/uploads\/Affiche-West-side-Story-200x300.png 200w, https:\/\/lemanegedegivet.fr\/wp-content\/uploads\/Affiche-West-side-Story-683x1024.png 683w, https:\/\/lemanegedegivet.fr\/wp-content\/uploads\/Affiche-West-side-Story-768x1152.png 768w\" sizes=\"auto, (max-width: 1024px) 100vw, 1024px\" \/><\/a><\/figure>\n\n\n<div class=\"wp-block-group is-vertical is-nowrap is-layout-flex wp-container-core-group-is-layout-f2b4d46f wp-block-group-is-layout-flex\" style=\"margin-top:0;padding-top:0\"><h2 class=\"has-link-color wp-elements-6a45a7e2d27acd1b25b7978aa99cb5a6 wp-block-post-title has-text-color has-contrast-color has-large-font-size wp-container-content-32e3a40d\"><a href=\"https:\/\/lemanegedegivet.fr\/?p=2811\" target=\"_self\" >WEST SIDE STORY<\/a><\/h2>\n\n<div style=\"padding-top:0;padding-bottom:0;margin-top:0;margin-bottom:0;\" class=\"wp-block-post-excerpt has-text-color has-contrast-2-color has-small-font-size wp-container-content-32e3a40d\"><p class=\"wp-block-post-excerpt__excerpt\">Une com\u00e9die musicale, \u00e0 venir voir au Man\u00e8ge de Givet, le 26 mai 2026, \u00e0 14h30 ou \u00e0 18h30. <\/p><\/div><\/div>\n\n<\/li><li class=\"wp-block-post post-2812 post type-post status-publish format-standard has-post-thumbnail hentry category-spectacles\">\n<figure style=\"aspect-ratio:3\/4; padding-bottom:2px;margin-bottom:0;\" class=\"featured_pic wp-block-post-featured-image\"><a href=\"https:\/\/lemanegedegivet.fr\/?p=2812\" target=\"_self\"  ><img loading=\"lazy\" decoding=\"async\" width=\"1024\" height=\"1536\" src=\"https:\/\/lemanegedegivet.fr\/wp-content\/uploads\/Affiche-Folklore.png\" class=\"attachment-post-thumbnail size-post-thumbnail wp-post-image\" alt=\"FESTIVAL DE SAINT-GHISLAIN\" style=\"width:100%;height:100%;object-fit:cover;\" srcset=\"https:\/\/lemanegedegivet.fr\/wp-content\/uploads\/Affiche-Folklore.png 1024w, https:\/\/lemanegedegivet.fr\/wp-content\/uploads\/Affiche-Folklore-200x300.png 200w, https:\/\/lemanegedegivet.fr\/wp-content\/uploads\/Affiche-Folklore-683x1024.png 683w, https:\/\/lemanegedegivet.fr\/wp-content\/uploads\/Affiche-Folklore-768x1152.png 768w\" sizes=\"auto, (max-width: 1024px) 100vw, 1024px\" \/><\/a><\/figure>\n\n\n<div class=\"wp-block-group is-vertical is-nowrap is-layout-flex wp-container-core-group-is-layout-f2b4d46f wp-block-group-is-layout-flex\" style=\"margin-top:0;padding-top:0\"><h2 class=\"has-link-color wp-elements-6a45a7e2d27acd1b25b7978aa99cb5a6 wp-block-post-title has-text-color has-contrast-color has-large-font-size wp-container-content-32e3a40d\"><a href=\"https:\/\/lemanegedegivet.fr\/?p=2812\" target=\"_self\" >FESTIVAL DE SAINT-GHISLAIN<\/a><\/h2>\n\n<div style=\"padding-top:0;padding-bottom:0;margin-top:0;margin-bottom:0;\" class=\"wp-block-post-excerpt has-text-color has-contrast-2-color has-small-font-size wp-container-content-32e3a40d\"><p class=\"wp-block-post-excerpt__excerpt\">Une spectacle folklorique, \u00e0 venir voir au Man\u00e8ge de Givet, le 19 juin 2026 \u00e0 20h30. <\/p><\/div><\/div>\n\n<\/li><li class=\"wp-block-post post-1665 post type-post status-publish format-standard has-post-thumbnail hentry category-spectacles\">\n<figure style=\"aspect-ratio:3\/4; padding-bottom:2px;margin-bottom:0;\" class=\"featured_pic wp-block-post-featured-image\"><a href=\"https:\/\/lemanegedegivet.fr\/?p=1665\" target=\"_self\"  ><img loading=\"lazy\" decoding=\"async\" width=\"560\" height=\"374\" src=\"https:\/\/lemanegedegivet.fr\/wp-content\/uploads\/sponsoring-relation-echange.png\" class=\"attachment-post-thumbnail size-post-thumbnail wp-post-image\" alt=\"Merci \u00e0 nos partenaires\" style=\"width:100%;height:100%;object-fit:cover;\" srcset=\"https:\/\/lemanegedegivet.fr\/wp-content\/uploads\/sponsoring-relation-echange.png 560w, https:\/\/lemanegedegivet.fr\/wp-content\/uploads\/sponsoring-relation-echange-300x200.png 300w, https:\/\/lemanegedegivet.fr\/wp-content\/uploads\/sponsoring-relation-echange-200x134.png 200w\" sizes=\"auto, (max-width: 560px) 100vw, 560px\" \/><\/a><\/figure>\n\n\n<div class=\"wp-block-group is-vertical is-nowrap is-layout-flex wp-container-core-group-is-layout-f2b4d46f wp-block-group-is-layout-flex\" style=\"margin-top:0;padding-top:0\"><h2 class=\"has-link-color wp-elements-6a45a7e2d27acd1b25b7978aa99cb5a6 wp-block-post-title has-text-color has-contrast-color has-large-font-size wp-container-content-32e3a40d\"><a href=\"https:\/\/lemanegedegivet.fr\/?p=1665\" target=\"_self\" >Merci \u00e0 nos partenaires<\/a><\/h2>\n\n<div style=\"padding-top:0;padding-bottom:0;margin-top:0;margin-bottom:0;\" class=\"wp-block-post-excerpt has-text-color has-contrast-2-color has-small-font-size wp-container-content-32e3a40d\"><p class=\"wp-block-post-excerpt__excerpt\">Le Man\u00e8ge de Givet souhaite remercier les partenaires qui lui font confiance&nbsp;: France 3 Grand Est Le groupe EDF (centrale\u2026 <\/p><\/div><\/div>\n\n<\/li><\/ul>\n\n<\/div>\n<\/div>\n\n\n\n<div style=\"height:17px\" aria-hidden=\"true\" class=\"wp-block-spacer\"><\/div>\n\n\n\n<div class=\"wp-block-query alignwide is-layout-flow wp-block-query-is-layout-flow\">\n<div class=\"wp-block-uagb-separator uagb-block-527053fc wp-block-uagb-separator--text\"><div class=\"wp-block-uagb-separator__inner\" style=\"--my-background-image:\"><div class=\"wp-block-uagb-separator-element\"><h3 class=\"uagb-html-tag\">Ils sont venus au Man\u00e8ge<\/h3><\/div><\/div><\/div>\n\n\n\n\n\n<div class=\"wp-block-group is-layout-flow wp-container-core-group-is-layout-52a830e2 wp-block-group-is-layout-flow\" style=\"border-radius:0px;margin-top:0;margin-bottom:0;padding-top:var(--wp--preset--spacing--10);padding-right:var(--wp--preset--spacing--10);padding-bottom:var(--wp--preset--spacing--10);padding-left:var(--wp--preset--spacing--10)\">\n<p><\/p>\n\n\n<ul class=\"columns-4 alignfull wp-block-post-template is-layout-grid wp-container-core-post-template-is-layout-0eac9162 wp-block-post-template-is-layout-grid\"><li class=\"wp-block-post post-2706 post type-post status-publish format-standard has-post-thumbnail hentry category-archives\">\n<figure style=\"aspect-ratio:3\/4; padding-bottom:2px;margin-bottom:0;\" class=\"featured_pic wp-block-post-featured-image\"><a href=\"https:\/\/lemanegedegivet.fr\/?p=2706\" target=\"_self\"  ><img loading=\"lazy\" decoding=\"async\" width=\"842\" height=\"1191\" src=\"https:\/\/lemanegedegivet.fr\/wp-content\/uploads\/affiche-saison-culturelle-2025-WEB.jpg\" class=\"attachment-post-thumbnail size-post-thumbnail wp-post-image\" alt=\"Gala d&rsquo;ouverture de la Saison Culturelle\" style=\"width:100%;height:100%;object-fit:cover;\" srcset=\"https:\/\/lemanegedegivet.fr\/wp-content\/uploads\/affiche-saison-culturelle-2025-WEB.jpg 842w, https:\/\/lemanegedegivet.fr\/wp-content\/uploads\/affiche-saison-culturelle-2025-WEB-212x300.jpg 212w, https:\/\/lemanegedegivet.fr\/wp-content\/uploads\/affiche-saison-culturelle-2025-WEB-724x1024.jpg 724w, https:\/\/lemanegedegivet.fr\/wp-content\/uploads\/affiche-saison-culturelle-2025-WEB-768x1086.jpg 768w, https:\/\/lemanegedegivet.fr\/wp-content\/uploads\/affiche-saison-culturelle-2025-WEB-200x283.jpg 200w\" sizes=\"auto, (max-width: 842px) 100vw, 842px\" \/><\/a><\/figure>\n\n\n<div class=\"wp-block-group is-vertical is-nowrap is-layout-flex wp-container-core-group-is-layout-f2b4d46f wp-block-group-is-layout-flex\" style=\"margin-top:0;padding-top:0\"><h2 class=\"has-link-color wp-elements-6a45a7e2d27acd1b25b7978aa99cb5a6 wp-block-post-title has-text-color has-contrast-color has-large-font-size wp-container-content-32e3a40d\"><a href=\"https:\/\/lemanegedegivet.fr\/?p=2706\" target=\"_self\" >Gala d&rsquo;ouverture de la Saison Culturelle<\/a><\/h2>\n\n<div style=\"padding-top:0;padding-bottom:0;margin-top:0;margin-bottom:0;\" class=\"wp-block-post-excerpt has-text-color has-contrast-2-color has-small-font-size wp-container-content-32e3a40d\"><p class=\"wp-block-post-excerpt__excerpt\">Une soir\u00e9e festive, \u00e0 venir voir au Man\u00e8ge de Givet, le 13 septembre 2025 \u00e0 20h30. <\/p><\/div><\/div>\n\n<\/li><li class=\"wp-block-post post-1270 post type-post status-publish format-standard has-post-thumbnail hentry category-archives\">\n<figure style=\"aspect-ratio:3\/4; padding-bottom:2px;margin-bottom:0;\" class=\"featured_pic wp-block-post-featured-image\"><a href=\"https:\/\/lemanegedegivet.fr\/?p=1270\" target=\"_self\"  ><img loading=\"lazy\" decoding=\"async\" width=\"842\" height=\"1191\" src=\"https:\/\/lemanegedegivet.fr\/wp-content\/uploads\/affiche-saison-culturelle-2024.jpg\" class=\"attachment-post-thumbnail size-post-thumbnail wp-post-image\" alt=\"Ouverture de la Saison Culturelle\" style=\"width:100%;height:100%;object-fit:cover;\" srcset=\"https:\/\/lemanegedegivet.fr\/wp-content\/uploads\/affiche-saison-culturelle-2024.jpg 842w, https:\/\/lemanegedegivet.fr\/wp-content\/uploads\/affiche-saison-culturelle-2024-212x300.jpg 212w, https:\/\/lemanegedegivet.fr\/wp-content\/uploads\/affiche-saison-culturelle-2024-724x1024.jpg 724w, https:\/\/lemanegedegivet.fr\/wp-content\/uploads\/affiche-saison-culturelle-2024-768x1086.jpg 768w, https:\/\/lemanegedegivet.fr\/wp-content\/uploads\/affiche-saison-culturelle-2024-200x283.jpg 200w\" sizes=\"auto, (max-width: 842px) 100vw, 842px\" \/><\/a><\/figure>\n\n\n<div class=\"wp-block-group is-vertical is-nowrap is-layout-flex wp-container-core-group-is-layout-f2b4d46f wp-block-group-is-layout-flex\" style=\"margin-top:0;padding-top:0\"><h2 class=\"has-link-color wp-elements-6a45a7e2d27acd1b25b7978aa99cb5a6 wp-block-post-title has-text-color has-contrast-color has-large-font-size wp-container-content-32e3a40d\"><a href=\"https:\/\/lemanegedegivet.fr\/?p=1270\" target=\"_self\" >Ouverture de la Saison Culturelle<\/a><\/h2>\n\n<div style=\"padding-top:0;padding-bottom:0;margin-top:0;margin-bottom:0;\" class=\"wp-block-post-excerpt has-text-color has-contrast-2-color has-small-font-size wp-container-content-32e3a40d\"><p class=\"wp-block-post-excerpt__excerpt\">Une soir\u00e9e festive, \u00e0 venir voir au Man\u00e8ge de Givet, le 07 septembre 2024 \u00e0 20h30. <\/p><\/div><\/div>\n\n<\/li><li class=\"wp-block-post post-1410 post type-post status-publish format-standard has-post-thumbnail hentry category-archives\">\n<figure style=\"aspect-ratio:3\/4; padding-bottom:2px;margin-bottom:0;\" class=\"featured_pic wp-block-post-featured-image\"><a href=\"https:\/\/lemanegedegivet.fr\/?p=1410\" target=\"_self\"  ><img loading=\"lazy\" decoding=\"async\" width=\"1810\" height=\"2560\" src=\"https:\/\/lemanegedegivet.fr\/wp-content\/uploads\/guegan_Plan-de-travail-1-1-scaled.png\" class=\"attachment-post-thumbnail size-post-thumbnail wp-post-image\" alt=\"Johnny, Vous et Moi\" style=\"width:100%;height:100%;object-fit:cover;\" srcset=\"https:\/\/lemanegedegivet.fr\/wp-content\/uploads\/guegan_Plan-de-travail-1-1-scaled.png 1810w, https:\/\/lemanegedegivet.fr\/wp-content\/uploads\/guegan_Plan-de-travail-1-1-212x300.png 212w, https:\/\/lemanegedegivet.fr\/wp-content\/uploads\/guegan_Plan-de-travail-1-1-724x1024.png 724w, https:\/\/lemanegedegivet.fr\/wp-content\/uploads\/guegan_Plan-de-travail-1-1-768x1086.png 768w, https:\/\/lemanegedegivet.fr\/wp-content\/uploads\/guegan_Plan-de-travail-1-1-1086x1536.png 1086w, https:\/\/lemanegedegivet.fr\/wp-content\/uploads\/guegan_Plan-de-travail-1-1-1448x2048.png 1448w, https:\/\/lemanegedegivet.fr\/wp-content\/uploads\/guegan_Plan-de-travail-1-1-200x283.png 200w\" sizes=\"auto, (max-width: 1810px) 100vw, 1810px\" \/><\/a><\/figure>\n\n\n<div class=\"wp-block-group is-vertical is-nowrap is-layout-flex wp-container-core-group-is-layout-f2b4d46f wp-block-group-is-layout-flex\" style=\"margin-top:0;padding-top:0\"><h2 class=\"has-link-color wp-elements-6a45a7e2d27acd1b25b7978aa99cb5a6 wp-block-post-title has-text-color has-contrast-color has-large-font-size wp-container-content-32e3a40d\"><a href=\"https:\/\/lemanegedegivet.fr\/?p=1410\" target=\"_self\" >Johnny, Vous et Moi<\/a><\/h2>\n\n<div style=\"padding-top:0;padding-bottom:0;margin-top:0;margin-bottom:0;\" class=\"wp-block-post-excerpt has-text-color has-contrast-2-color has-small-font-size wp-container-content-32e3a40d\"><p class=\"wp-block-post-excerpt__excerpt\">HORS ABONNEMENT \u00ab\u00a0Jean Baptiste GUEGAN\u00a0\u00bb, le 05 octobre 2024 \u00e0 20h30 au Man\u00e8ge de Givet <\/p><\/div><\/div>\n\n<\/li><li class=\"wp-block-post post-1723 post type-post status-publish format-standard has-post-thumbnail hentry category-archives\">\n<figure style=\"aspect-ratio:3\/4; padding-bottom:2px;margin-bottom:0;\" class=\"featured_pic wp-block-post-featured-image\"><a href=\"https:\/\/lemanegedegivet.fr\/?p=1723\" target=\"_self\"  ><img loading=\"lazy\" decoding=\"async\" width=\"1810\" height=\"2560\" src=\"https:\/\/lemanegedegivet.fr\/wp-content\/uploads\/Affiche-Marina-Cars-scaled.jpg\" class=\"attachment-post-thumbnail size-post-thumbnail wp-post-image\" alt=\"N\u00e9nettes\" style=\"width:100%;height:100%;object-fit:cover;\" srcset=\"https:\/\/lemanegedegivet.fr\/wp-content\/uploads\/Affiche-Marina-Cars-scaled.jpg 1810w, https:\/\/lemanegedegivet.fr\/wp-content\/uploads\/Affiche-Marina-Cars-212x300.jpg 212w, https:\/\/lemanegedegivet.fr\/wp-content\/uploads\/Affiche-Marina-Cars-724x1024.jpg 724w, https:\/\/lemanegedegivet.fr\/wp-content\/uploads\/Affiche-Marina-Cars-768x1086.jpg 768w, https:\/\/lemanegedegivet.fr\/wp-content\/uploads\/Affiche-Marina-Cars-1086x1536.jpg 1086w, https:\/\/lemanegedegivet.fr\/wp-content\/uploads\/Affiche-Marina-Cars-1448x2048.jpg 1448w, https:\/\/lemanegedegivet.fr\/wp-content\/uploads\/Affiche-Marina-Cars-200x283.jpg 200w\" sizes=\"auto, (max-width: 1810px) 100vw, 1810px\" \/><\/a><\/figure>\n\n\n<div class=\"wp-block-group is-vertical is-nowrap is-layout-flex wp-container-core-group-is-layout-f2b4d46f wp-block-group-is-layout-flex\" style=\"margin-top:0;padding-top:0\"><h2 class=\"has-link-color wp-elements-6a45a7e2d27acd1b25b7978aa99cb5a6 wp-block-post-title has-text-color has-contrast-color has-large-font-size wp-container-content-32e3a40d\"><a href=\"https:\/\/lemanegedegivet.fr\/?p=1723\" target=\"_self\" >N\u00e9nettes<\/a><\/h2>\n\n<div style=\"padding-top:0;padding-bottom:0;margin-top:0;margin-bottom:0;\" class=\"wp-block-post-excerpt has-text-color has-contrast-2-color has-small-font-size wp-container-content-32e3a40d\"><p class=\"wp-block-post-excerpt__excerpt\">HORS SAISON Un spectacle \u00e0 venir voir au Man\u00e8ge de Givet, le 12 octobre 2024 \u00e0 20h30 <\/p><\/div><\/div>\n\n<\/li><li class=\"wp-block-post post-1976 post type-post status-publish format-standard has-post-thumbnail hentry category-archives\">\n<figure style=\"aspect-ratio:3\/4; padding-bottom:2px;margin-bottom:0;\" class=\"featured_pic wp-block-post-featured-image\"><a href=\"https:\/\/lemanegedegivet.fr\/?p=1976\" target=\"_self\"  ><img loading=\"lazy\" decoding=\"async\" width=\"1448\" height=\"2048\" src=\"https:\/\/lemanegedegivet.fr\/wp-content\/uploads\/1730818510251.jpg\" class=\"attachment-post-thumbnail size-post-thumbnail wp-post-image\" alt=\"Harmonie Municipale de Givet\" style=\"width:100%;height:100%;object-fit:cover;\" srcset=\"https:\/\/lemanegedegivet.fr\/wp-content\/uploads\/1730818510251.jpg 1448w, https:\/\/lemanegedegivet.fr\/wp-content\/uploads\/1730818510251-212x300.jpg 212w, https:\/\/lemanegedegivet.fr\/wp-content\/uploads\/1730818510251-724x1024.jpg 724w, https:\/\/lemanegedegivet.fr\/wp-content\/uploads\/1730818510251-768x1086.jpg 768w, https:\/\/lemanegedegivet.fr\/wp-content\/uploads\/1730818510251-1086x1536.jpg 1086w, https:\/\/lemanegedegivet.fr\/wp-content\/uploads\/1730818510251-200x283.jpg 200w\" sizes=\"auto, (max-width: 1448px) 100vw, 1448px\" \/><\/a><\/figure>\n\n\n<div class=\"wp-block-group is-vertical is-nowrap is-layout-flex wp-container-core-group-is-layout-f2b4d46f wp-block-group-is-layout-flex\" style=\"margin-top:0;padding-top:0\"><h2 class=\"has-link-color wp-elements-6a45a7e2d27acd1b25b7978aa99cb5a6 wp-block-post-title has-text-color has-contrast-color has-large-font-size wp-container-content-32e3a40d\"><a href=\"https:\/\/lemanegedegivet.fr\/?p=1976\" target=\"_self\" >Harmonie Municipale de Givet<\/a><\/h2>\n\n<div style=\"padding-top:0;padding-bottom:0;margin-top:0;margin-bottom:0;\" class=\"wp-block-post-excerpt has-text-color has-contrast-2-color has-small-font-size wp-container-content-32e3a40d\"><p class=\"wp-block-post-excerpt__excerpt\">Un concert \u00e0 venir appr\u00e9cier au Man\u00e8ge de Givet, le 17 novembre \u00e0 15h30 <\/p><\/div><\/div>\n\n<\/li><li class=\"wp-block-post post-1712 post type-post status-publish format-standard has-post-thumbnail hentry category-archives\">\n<figure style=\"aspect-ratio:3\/4; padding-bottom:2px;margin-bottom:0;\" class=\"featured_pic wp-block-post-featured-image\"><a href=\"https:\/\/lemanegedegivet.fr\/?p=1712\" target=\"_self\"  ><img loading=\"lazy\" decoding=\"async\" width=\"524\" height=\"741\" src=\"https:\/\/lemanegedegivet.fr\/wp-content\/uploads\/memoire-dun-arbre-affiche.jpg\" class=\"attachment-post-thumbnail size-post-thumbnail wp-post-image\" alt=\"M\u00e9moires d&rsquo;un Arbre\" style=\"width:100%;height:100%;object-fit:cover;\" srcset=\"https:\/\/lemanegedegivet.fr\/wp-content\/uploads\/memoire-dun-arbre-affiche.jpg 524w, https:\/\/lemanegedegivet.fr\/wp-content\/uploads\/memoire-dun-arbre-affiche-212x300.jpg 212w, https:\/\/lemanegedegivet.fr\/wp-content\/uploads\/memoire-dun-arbre-affiche-200x283.jpg 200w\" sizes=\"auto, (max-width: 524px) 100vw, 524px\" \/><\/a><\/figure>\n\n\n<div class=\"wp-block-group is-vertical is-nowrap is-layout-flex wp-container-core-group-is-layout-f2b4d46f wp-block-group-is-layout-flex\" style=\"margin-top:0;padding-top:0\"><h2 class=\"has-link-color wp-elements-6a45a7e2d27acd1b25b7978aa99cb5a6 wp-block-post-title has-text-color has-contrast-color has-large-font-size wp-container-content-32e3a40d\"><a href=\"https:\/\/lemanegedegivet.fr\/?p=1712\" target=\"_self\" >M\u00e9moires d&rsquo;un Arbre<\/a><\/h2>\n\n<div style=\"padding-top:0;padding-bottom:0;margin-top:0;margin-bottom:0;\" class=\"wp-block-post-excerpt has-text-color has-contrast-2-color has-small-font-size wp-container-content-32e3a40d\"><p class=\"wp-block-post-excerpt__excerpt\">Un spectacle de No\u00ebl familial au Man\u00e8ge de Givet, le 13 d\u00e9cembre 2024 \u00e0 20h00 <\/p><\/div><\/div>\n\n<\/li><li class=\"wp-block-post post-1393 post type-post status-publish format-standard has-post-thumbnail hentry category-archives\">\n<figure style=\"aspect-ratio:3\/4; padding-bottom:2px;margin-bottom:0;\" class=\"featured_pic wp-block-post-featured-image\"><a href=\"https:\/\/lemanegedegivet.fr\/?p=1393\" target=\"_self\"  ><img loading=\"lazy\" decoding=\"async\" width=\"3508\" height=\"4961\" src=\"https:\/\/lemanegedegivet.fr\/wp-content\/uploads\/au-dela-des-nuages.png\" class=\"attachment-post-thumbnail size-post-thumbnail wp-post-image\" alt=\"Au-del\u00e0 des Nuages\" style=\"width:100%;height:100%;object-fit:cover;\" srcset=\"https:\/\/lemanegedegivet.fr\/wp-content\/uploads\/au-dela-des-nuages.png 3508w, https:\/\/lemanegedegivet.fr\/wp-content\/uploads\/au-dela-des-nuages-212x300.png 212w, https:\/\/lemanegedegivet.fr\/wp-content\/uploads\/au-dela-des-nuages-724x1024.png 724w, https:\/\/lemanegedegivet.fr\/wp-content\/uploads\/au-dela-des-nuages-768x1086.png 768w, https:\/\/lemanegedegivet.fr\/wp-content\/uploads\/au-dela-des-nuages-1086x1536.png 1086w, https:\/\/lemanegedegivet.fr\/wp-content\/uploads\/au-dela-des-nuages-1448x2048.png 1448w, https:\/\/lemanegedegivet.fr\/wp-content\/uploads\/au-dela-des-nuages-200x283.png 200w\" sizes=\"auto, (max-width: 3508px) 100vw, 3508px\" \/><\/a><\/figure>\n\n\n<div class=\"wp-block-group is-vertical is-nowrap is-layout-flex wp-container-core-group-is-layout-f2b4d46f wp-block-group-is-layout-flex\" style=\"margin-top:0;padding-top:0\"><h2 class=\"has-link-color wp-elements-6a45a7e2d27acd1b25b7978aa99cb5a6 wp-block-post-title has-text-color has-contrast-color has-large-font-size wp-container-content-32e3a40d\"><a href=\"https:\/\/lemanegedegivet.fr\/?p=1393\" target=\"_self\" >Au-del\u00e0 des Nuages<\/a><\/h2>\n\n<div style=\"padding-top:0;padding-bottom:0;margin-top:0;margin-bottom:0;\" class=\"wp-block-post-excerpt has-text-color has-contrast-2-color has-small-font-size wp-container-content-32e3a40d\"><p class=\"wp-block-post-excerpt__excerpt\">Un spectacle de danse \u00e0 venir voir au Man\u00e8ge de Givet, le 18 janvier \u00e0 20h30 <\/p><\/div><\/div>\n\n<\/li><li class=\"wp-block-post post-1358 post type-post status-publish format-standard has-post-thumbnail hentry category-archives\">\n<figure style=\"aspect-ratio:3\/4; padding-bottom:2px;margin-bottom:0;\" class=\"featured_pic wp-block-post-featured-image\"><a href=\"https:\/\/lemanegedegivet.fr\/?p=1358\" target=\"_self\"  ><img loading=\"lazy\" decoding=\"async\" width=\"3508\" height=\"4961\" src=\"https:\/\/lemanegedegivet.fr\/wp-content\/uploads\/affiche_Liane-Foly.png\" class=\"attachment-post-thumbnail size-post-thumbnail wp-post-image\" alt=\"La Folle repart en Th\u00e8se\" style=\"width:100%;height:100%;object-fit:cover;\" srcset=\"https:\/\/lemanegedegivet.fr\/wp-content\/uploads\/affiche_Liane-Foly.png 3508w, https:\/\/lemanegedegivet.fr\/wp-content\/uploads\/affiche_Liane-Foly-212x300.png 212w, https:\/\/lemanegedegivet.fr\/wp-content\/uploads\/affiche_Liane-Foly-724x1024.png 724w, https:\/\/lemanegedegivet.fr\/wp-content\/uploads\/affiche_Liane-Foly-768x1086.png 768w, https:\/\/lemanegedegivet.fr\/wp-content\/uploads\/affiche_Liane-Foly-1086x1536.png 1086w, https:\/\/lemanegedegivet.fr\/wp-content\/uploads\/affiche_Liane-Foly-1448x2048.png 1448w, https:\/\/lemanegedegivet.fr\/wp-content\/uploads\/affiche_Liane-Foly-200x283.png 200w\" sizes=\"auto, (max-width: 3508px) 100vw, 3508px\" \/><\/a><\/figure>\n\n\n<div class=\"wp-block-group is-vertical is-nowrap is-layout-flex wp-container-core-group-is-layout-f2b4d46f wp-block-group-is-layout-flex\" style=\"margin-top:0;padding-top:0\"><h2 class=\"has-link-color wp-elements-6a45a7e2d27acd1b25b7978aa99cb5a6 wp-block-post-title has-text-color has-contrast-color has-large-font-size wp-container-content-32e3a40d\"><a href=\"https:\/\/lemanegedegivet.fr\/?p=1358\" target=\"_self\" >La Folle repart en Th\u00e8se<\/a><\/h2>\n\n<div style=\"padding-top:0;padding-bottom:0;margin-top:0;margin-bottom:0;\" class=\"wp-block-post-excerpt has-text-color has-contrast-2-color has-small-font-size wp-container-content-32e3a40d\"><p class=\"wp-block-post-excerpt__excerpt\">Un spectacle \u00e0 venir voir au Man\u00e8ge de Givet, le 01 f\u00e9vrier 2025 \u00e0 20h30 <\/p><\/div><\/div>\n\n<\/li><li class=\"wp-block-post post-1380 post type-post status-publish format-standard has-post-thumbnail hentry category-archives\">\n<figure style=\"aspect-ratio:3\/4; padding-bottom:2px;margin-bottom:0;\" class=\"featured_pic wp-block-post-featured-image\"><a href=\"https:\/\/lemanegedegivet.fr\/?p=1380\" target=\"_self\"  ><img loading=\"lazy\" decoding=\"async\" width=\"842\" height=\"1191\" src=\"https:\/\/lemanegedegivet.fr\/wp-content\/uploads\/apres-tout.jpg\" class=\"attachment-post-thumbnail size-post-thumbnail wp-post-image\" alt=\"Apr\u00e8s Tout\" style=\"width:100%;height:100%;object-fit:cover;\" srcset=\"https:\/\/lemanegedegivet.fr\/wp-content\/uploads\/apres-tout.jpg 842w, https:\/\/lemanegedegivet.fr\/wp-content\/uploads\/apres-tout-212x300.jpg 212w, https:\/\/lemanegedegivet.fr\/wp-content\/uploads\/apres-tout-724x1024.jpg 724w, https:\/\/lemanegedegivet.fr\/wp-content\/uploads\/apres-tout-768x1086.jpg 768w, https:\/\/lemanegedegivet.fr\/wp-content\/uploads\/apres-tout-200x283.jpg 200w\" sizes=\"auto, (max-width: 842px) 100vw, 842px\" \/><\/a><\/figure>\n\n\n<div class=\"wp-block-group is-vertical is-nowrap is-layout-flex wp-container-core-group-is-layout-f2b4d46f wp-block-group-is-layout-flex\" style=\"margin-top:0;padding-top:0\"><h2 class=\"has-link-color wp-elements-6a45a7e2d27acd1b25b7978aa99cb5a6 wp-block-post-title has-text-color has-contrast-color has-large-font-size wp-container-content-32e3a40d\"><a href=\"https:\/\/lemanegedegivet.fr\/?p=1380\" target=\"_self\" >Apr\u00e8s Tout<\/a><\/h2>\n\n<div style=\"padding-top:0;padding-bottom:0;margin-top:0;margin-bottom:0;\" class=\"wp-block-post-excerpt has-text-color has-contrast-2-color has-small-font-size wp-container-content-32e3a40d\"><p class=\"wp-block-post-excerpt__excerpt\">Un spectacle \u00e0 venir voir au Man\u00e8ge de Givet, le 07 mars 2025 \u00e0 20h30 <\/p><\/div><\/div>\n\n<\/li><li class=\"wp-block-post post-1420 post type-post status-publish format-standard has-post-thumbnail hentry category-archives\">\n<figure style=\"aspect-ratio:3\/4; padding-bottom:2px;margin-bottom:0;\" class=\"featured_pic wp-block-post-featured-image\"><a href=\"https:\/\/lemanegedegivet.fr\/?p=1420\" target=\"_self\"  ><img loading=\"lazy\" decoding=\"async\" width=\"842\" height=\"1191\" src=\"https:\/\/lemanegedegivet.fr\/wp-content\/uploads\/joachim-horsley-1.jpg\" class=\"attachment-post-thumbnail size-post-thumbnail wp-post-image\" alt=\"Joachim Horsley\" style=\"width:100%;height:100%;object-fit:cover;\" srcset=\"https:\/\/lemanegedegivet.fr\/wp-content\/uploads\/joachim-horsley-1.jpg 842w, https:\/\/lemanegedegivet.fr\/wp-content\/uploads\/joachim-horsley-1-212x300.jpg 212w, https:\/\/lemanegedegivet.fr\/wp-content\/uploads\/joachim-horsley-1-724x1024.jpg 724w, https:\/\/lemanegedegivet.fr\/wp-content\/uploads\/joachim-horsley-1-768x1086.jpg 768w, https:\/\/lemanegedegivet.fr\/wp-content\/uploads\/joachim-horsley-1-200x283.jpg 200w\" sizes=\"auto, (max-width: 842px) 100vw, 842px\" \/><\/a><\/figure>\n\n\n<div class=\"wp-block-group is-vertical is-nowrap is-layout-flex wp-container-core-group-is-layout-f2b4d46f wp-block-group-is-layout-flex\" style=\"margin-top:0;padding-top:0\"><h2 class=\"has-link-color wp-elements-6a45a7e2d27acd1b25b7978aa99cb5a6 wp-block-post-title has-text-color has-contrast-color has-large-font-size wp-container-content-32e3a40d\"><a href=\"https:\/\/lemanegedegivet.fr\/?p=1420\" target=\"_self\" >Joachim Horsley<\/a><\/h2>\n\n<div style=\"padding-top:0;padding-bottom:0;margin-top:0;margin-bottom:0;\" class=\"wp-block-post-excerpt has-text-color has-contrast-2-color has-small-font-size wp-container-content-32e3a40d\"><p class=\"wp-block-post-excerpt__excerpt\">Un concert \u00e0 venir appr\u00e9cier au Man\u00e8ge de Givet, le 14 mars 2025 \u00e0 20h30 <\/p><\/div><\/div>\n\n<\/li><li class=\"wp-block-post post-1432 post type-post status-publish format-standard has-post-thumbnail hentry category-archives\">\n<figure style=\"aspect-ratio:3\/4; padding-bottom:2px;margin-bottom:0;\" class=\"featured_pic wp-block-post-featured-image\"><a href=\"https:\/\/lemanegedegivet.fr\/?p=1432\" target=\"_self\"  ><img loading=\"lazy\" decoding=\"async\" width=\"3508\" height=\"4961\" src=\"https:\/\/lemanegedegivet.fr\/wp-content\/uploads\/harmonie_Aulnoye.png\" class=\"attachment-post-thumbnail size-post-thumbnail wp-post-image\" alt=\"Harmonie Municipale d&rsquo;Aulnoye-Aymeries\" style=\"width:100%;height:100%;object-fit:cover;\" srcset=\"https:\/\/lemanegedegivet.fr\/wp-content\/uploads\/harmonie_Aulnoye.png 3508w, https:\/\/lemanegedegivet.fr\/wp-content\/uploads\/harmonie_Aulnoye-212x300.png 212w, https:\/\/lemanegedegivet.fr\/wp-content\/uploads\/harmonie_Aulnoye-724x1024.png 724w, https:\/\/lemanegedegivet.fr\/wp-content\/uploads\/harmonie_Aulnoye-768x1086.png 768w, https:\/\/lemanegedegivet.fr\/wp-content\/uploads\/harmonie_Aulnoye-1086x1536.png 1086w, https:\/\/lemanegedegivet.fr\/wp-content\/uploads\/harmonie_Aulnoye-1448x2048.png 1448w, https:\/\/lemanegedegivet.fr\/wp-content\/uploads\/harmonie_Aulnoye-200x283.png 200w\" sizes=\"auto, (max-width: 3508px) 100vw, 3508px\" \/><\/a><\/figure>\n\n\n<div class=\"wp-block-group is-vertical is-nowrap is-layout-flex wp-container-core-group-is-layout-f2b4d46f wp-block-group-is-layout-flex\" style=\"margin-top:0;padding-top:0\"><h2 class=\"has-link-color wp-elements-6a45a7e2d27acd1b25b7978aa99cb5a6 wp-block-post-title has-text-color has-contrast-color has-large-font-size wp-container-content-32e3a40d\"><a href=\"https:\/\/lemanegedegivet.fr\/?p=1432\" target=\"_self\" >Harmonie Municipale d&rsquo;Aulnoye-Aymeries<\/a><\/h2>\n\n<div style=\"padding-top:0;padding-bottom:0;margin-top:0;margin-bottom:0;\" class=\"wp-block-post-excerpt has-text-color has-contrast-2-color has-small-font-size wp-container-content-32e3a40d\"><p class=\"wp-block-post-excerpt__excerpt\">Un concert \u00e0 venir appr\u00e9cier au Man\u00e8ge de Givet, le 16 mars 2025 \u00e0 16h00 <\/p><\/div><\/div>\n\n<\/li><li class=\"wp-block-post post-2326 post type-post status-publish format-standard has-post-thumbnail hentry category-archives\">\n<figure style=\"aspect-ratio:3\/4; padding-bottom:2px;margin-bottom:0;\" class=\"featured_pic wp-block-post-featured-image\"><a href=\"https:\/\/lemanegedegivet.fr\/?p=2326\" target=\"_self\"  ><img loading=\"lazy\" decoding=\"async\" width=\"3017\" height=\"4267\" src=\"https:\/\/lemanegedegivet.fr\/wp-content\/uploads\/Affiche-Gala-Danse-2-jours-1.png\" class=\"attachment-post-thumbnail size-post-thumbnail wp-post-image\" alt=\"Gala de Danse : d&rsquo;L&rsquo;Eau Vive\" style=\"width:100%;height:100%;object-fit:cover;\" srcset=\"https:\/\/lemanegedegivet.fr\/wp-content\/uploads\/Affiche-Gala-Danse-2-jours-1.png 3017w, https:\/\/lemanegedegivet.fr\/wp-content\/uploads\/Affiche-Gala-Danse-2-jours-1-212x300.png 212w, https:\/\/lemanegedegivet.fr\/wp-content\/uploads\/Affiche-Gala-Danse-2-jours-1-724x1024.png 724w, https:\/\/lemanegedegivet.fr\/wp-content\/uploads\/Affiche-Gala-Danse-2-jours-1-768x1086.png 768w, https:\/\/lemanegedegivet.fr\/wp-content\/uploads\/Affiche-Gala-Danse-2-jours-1-1086x1536.png 1086w, https:\/\/lemanegedegivet.fr\/wp-content\/uploads\/Affiche-Gala-Danse-2-jours-1-1448x2048.png 1448w, https:\/\/lemanegedegivet.fr\/wp-content\/uploads\/Affiche-Gala-Danse-2-jours-1-200x283.png 200w\" sizes=\"auto, (max-width: 3017px) 100vw, 3017px\" \/><\/a><\/figure>\n\n\n<div class=\"wp-block-group is-vertical is-nowrap is-layout-flex wp-container-core-group-is-layout-f2b4d46f wp-block-group-is-layout-flex\" style=\"margin-top:0;padding-top:0\"><h2 class=\"has-link-color wp-elements-6a45a7e2d27acd1b25b7978aa99cb5a6 wp-block-post-title has-text-color has-contrast-color has-large-font-size wp-container-content-32e3a40d\"><a href=\"https:\/\/lemanegedegivet.fr\/?p=2326\" target=\"_self\" >Gala de Danse : d&rsquo;L&rsquo;Eau Vive<\/a><\/h2>\n\n<div style=\"padding-top:0;padding-bottom:0;margin-top:0;margin-bottom:0;\" class=\"wp-block-post-excerpt has-text-color has-contrast-2-color has-small-font-size wp-container-content-32e3a40d\"><p class=\"wp-block-post-excerpt__excerpt\">Le Gala Annuel de l&rsquo;Eau Vive, le 22 mars 2025 \u00e0 20h00 et le 23 mars \u00e0 15h00 <\/p><\/div><\/div>\n\n<\/li><\/ul>\n\n<nav class=\"wp-block-query-pagination is-content-justification-space-between is-layout-flex wp-container-core-query-pagination-is-layout-b2891da8 wp-block-query-pagination-is-layout-flex\" aria-label=\"Pagination\">\n\n\n<a href=\"\/index.php?rest_route=%2Fwp%2Fv2%2Fpages%2F854&#038;query-24-page=2\" class=\"wp-block-query-pagination-next\">Page suivante<span class='wp-block-query-pagination-next-arrow is-arrow-arrow' aria-hidden='true'>\u2192<\/span><\/a>\n<\/nav><\/div>\n<\/div>\n<\/div><\/div>\n","protected":false},"excerpt":{"rendered":"","protected":false},"author":1,"featured_media":0,"parent":0,"menu_order":0,"comment_status":"closed","ping_status":"closed","template":"spectacles","meta":{"inline_featured_image":false,"_uag_custom_page_level_css":"","footnotes":""},"class_list":["post-854","page","type-page","status-publish","hentry"],"yoast_head":"<!-- This site is optimized with the Yoast SEO plugin v25.8 - https:\/\/yoast.com\/wordpress\/plugins\/seo\/ -->\n<title>Spectacles - Le Man\u00e8ge<\/title>\n<meta name=\"robots\" content=\"index, follow, max-snippet:-1, max-image-preview:large, max-video-preview:-1\" \/>\n<link rel=\"canonical\" href=\"https:\/\/lemanegedegivet.fr\/?page_id=854\" \/>\n<link rel=\"next\" href=\"https:\/\/lemanegedegivet.fr\/?page_id=854index.php?rest_route=%2Fwp%2Fv2%2Fpages%2F854&query-24-page=2\" \/>\n<meta property=\"og:locale\" content=\"fr_FR\" \/>\n<meta property=\"og:type\" content=\"article\" \/>\n<meta property=\"og:title\" content=\"Spectacles - Le Man\u00e8ge\" \/>\n<meta property=\"og:url\" content=\"https:\/\/lemanegedegivet.fr\/?page_id=854\" \/>\n<meta property=\"og:site_name\" content=\"Le Man\u00e8ge\" \/>\n<meta property=\"article:publisher\" content=\"https:\/\/www.facebook.com\/people\/Cinma-Spectacles-Le-Mange-GIVET\/61551363475246\/\" \/>\n<meta property=\"article:modified_time\" content=\"2025-02-12T13:38:55+00:00\" \/>\n<meta name=\"twitter:card\" content=\"summary_large_image\" \/>\n<meta name=\"twitter:label1\" content=\"Dur\u00e9e de lecture estim\u00e9e\" \/>\n\t<meta name=\"twitter:data1\" content=\"1 minute\" \/>\n<script type=\"application\/ld+json\" class=\"yoast-schema-graph\">{\"@context\":\"https:\/\/schema.org\",\"@graph\":[{\"@type\":\"WebPage\",\"@id\":\"https:\/\/lemanegedegivet.fr\/?page_id=854\",\"url\":\"https:\/\/lemanegedegivet.fr\/?page_id=854\",\"name\":\"Spectacles - Le Man\u00e8ge\",\"isPartOf\":{\"@id\":\"https:\/\/lemanegedegivet.fr\/#website\"},\"datePublished\":\"2024-05-15T08:15:55+00:00\",\"dateModified\":\"2025-02-12T13:38:55+00:00\",\"breadcrumb\":{\"@id\":\"https:\/\/lemanegedegivet.fr\/?page_id=854#breadcrumb\"},\"inLanguage\":\"fr-FR\",\"potentialAction\":[{\"@type\":\"ReadAction\",\"target\":[\"https:\/\/lemanegedegivet.fr\/?page_id=854\"]}]},{\"@type\":\"BreadcrumbList\",\"@id\":\"https:\/\/lemanegedegivet.fr\/?page_id=854#breadcrumb\",\"itemListElement\":[{\"@type\":\"ListItem\",\"position\":1,\"name\":\"Accueil\",\"item\":\"https:\/\/lemanegedegivet.fr\/\"},{\"@type\":\"ListItem\",\"position\":2,\"name\":\"Spectacles\"}]},{\"@type\":\"WebSite\",\"@id\":\"https:\/\/lemanegedegivet.fr\/#website\",\"url\":\"https:\/\/lemanegedegivet.fr\/\",\"name\":\"Le Man\u00e8ge de Givet\",\"description\":\"\",\"publisher\":{\"@id\":\"https:\/\/lemanegedegivet.fr\/#organization\"},\"potentialAction\":[{\"@type\":\"SearchAction\",\"target\":{\"@type\":\"EntryPoint\",\"urlTemplate\":\"https:\/\/lemanegedegivet.fr\/?s={search_term_string}\"},\"query-input\":{\"@type\":\"PropertyValueSpecification\",\"valueRequired\":true,\"valueName\":\"search_term_string\"}}],\"inLanguage\":\"fr-FR\"},{\"@type\":\"Organization\",\"@id\":\"https:\/\/lemanegedegivet.fr\/#organization\",\"name\":\"Le Man\u00e8ge de Givet\",\"url\":\"https:\/\/lemanegedegivet.fr\/\",\"logo\":{\"@type\":\"ImageObject\",\"inLanguage\":\"fr-FR\",\"@id\":\"https:\/\/lemanegedegivet.fr\/#\/schema\/logo\/image\/\",\"url\":\"https:\/\/lemanegedegivet.fr\/wp-content\/uploads\/jours_1920.avif\",\"contentUrl\":\"https:\/\/lemanegedegivet.fr\/wp-content\/uploads\/jours_1920.avif\",\"width\":1920,\"height\":1280,\"caption\":\"Le Man\u00e8ge de Givet\"},\"image\":{\"@id\":\"https:\/\/lemanegedegivet.fr\/#\/schema\/logo\/image\/\"},\"sameAs\":[\"https:\/\/www.facebook.com\/people\/Cinma-Spectacles-Le-Mange-GIVET\/61551363475246\/\"]}]}<\/script>\n<!-- \/ Yoast SEO plugin. -->","yoast_head_json":{"title":"Spectacles - Le Man\u00e8ge","robots":{"index":"index","follow":"follow","max-snippet":"max-snippet:-1","max-image-preview":"max-image-preview:large","max-video-preview":"max-video-preview:-1"},"canonical":"https:\/\/lemanegedegivet.fr\/?page_id=854","next":"https:\/\/lemanegedegivet.fr\/?page_id=854index.php?rest_route=%2Fwp%2Fv2%2Fpages%2F854&query-24-page=2","og_locale":"fr_FR","og_type":"article","og_title":"Spectacles - Le Man\u00e8ge","og_url":"https:\/\/lemanegedegivet.fr\/?page_id=854","og_site_name":"Le Man\u00e8ge","article_publisher":"https:\/\/www.facebook.com\/people\/Cinma-Spectacles-Le-Mange-GIVET\/61551363475246\/","article_modified_time":"2025-02-12T13:38:55+00:00","twitter_card":"summary_large_image","twitter_misc":{"Dur\u00e9e de lecture estim\u00e9e":"1 minute"},"schema":{"@context":"https:\/\/schema.org","@graph":[{"@type":"WebPage","@id":"https:\/\/lemanegedegivet.fr\/?page_id=854","url":"https:\/\/lemanegedegivet.fr\/?page_id=854","name":"Spectacles - Le Man\u00e8ge","isPartOf":{"@id":"https:\/\/lemanegedegivet.fr\/#website"},"datePublished":"2024-05-15T08:15:55+00:00","dateModified":"2025-02-12T13:38:55+00:00","breadcrumb":{"@id":"https:\/\/lemanegedegivet.fr\/?page_id=854#breadcrumb"},"inLanguage":"fr-FR","potentialAction":[{"@type":"ReadAction","target":["https:\/\/lemanegedegivet.fr\/?page_id=854"]}]},{"@type":"BreadcrumbList","@id":"https:\/\/lemanegedegivet.fr\/?page_id=854#breadcrumb","itemListElement":[{"@type":"ListItem","position":1,"name":"Accueil","item":"https:\/\/lemanegedegivet.fr\/"},{"@type":"ListItem","position":2,"name":"Spectacles"}]},{"@type":"WebSite","@id":"https:\/\/lemanegedegivet.fr\/#website","url":"https:\/\/lemanegedegivet.fr\/","name":"Le Man\u00e8ge de Givet","description":"","publisher":{"@id":"https:\/\/lemanegedegivet.fr\/#organization"},"potentialAction":[{"@type":"SearchAction","target":{"@type":"EntryPoint","urlTemplate":"https:\/\/lemanegedegivet.fr\/?s={search_term_string}"},"query-input":{"@type":"PropertyValueSpecification","valueRequired":true,"valueName":"search_term_string"}}],"inLanguage":"fr-FR"},{"@type":"Organization","@id":"https:\/\/lemanegedegivet.fr\/#organization","name":"Le Man\u00e8ge de Givet","url":"https:\/\/lemanegedegivet.fr\/","logo":{"@type":"ImageObject","inLanguage":"fr-FR","@id":"https:\/\/lemanegedegivet.fr\/#\/schema\/logo\/image\/","url":"https:\/\/lemanegedegivet.fr\/wp-content\/uploads\/jours_1920.avif","contentUrl":"https:\/\/lemanegedegivet.fr\/wp-content\/uploads\/jours_1920.avif","width":1920,"height":1280,"caption":"Le Man\u00e8ge de Givet"},"image":{"@id":"https:\/\/lemanegedegivet.fr\/#\/schema\/logo\/image\/"},"sameAs":["https:\/\/www.facebook.com\/people\/Cinma-Spectacles-Le-Mange-GIVET\/61551363475246\/"]}]}},"uagb_featured_image_src":{"full":false,"thumbnail":false,"medium":false,"medium_large":false,"large":false,"1536x1536":false,"2048x2048":false,"depicter-thumbnail":false},"uagb_author_info":{"display_name":"Eddy","author_link":"https:\/\/lemanegedegivet.fr\/?author=1"},"uagb_comment_info":0,"uagb_excerpt":null,"publishpress_future_action":{"enabled":false,"date":"2026-05-07 08:25:31","action":"change-status","newStatus":"draft","terms":[],"taxonomy":"","extraData":[]},"publishpress_future_workflow_manual_trigger":{"enabledWorkflows":[]},"_links":{"self":[{"href":"https:\/\/lemanegedegivet.fr\/index.php?rest_route=\/wp\/v2\/pages\/854","targetHints":{"allow":["GET"]}}],"collection":[{"href":"https:\/\/lemanegedegivet.fr\/index.php?rest_route=\/wp\/v2\/pages"}],"about":[{"href":"https:\/\/lemanegedegivet.fr\/index.php?rest_route=\/wp\/v2\/types\/page"}],"author":[{"embeddable":true,"href":"https:\/\/lemanegedegivet.fr\/index.php?rest_route=\/wp\/v2\/users\/1"}],"replies":[{"embeddable":true,"href":"https:\/\/lemanegedegivet.fr\/index.php?rest_route=%2Fwp%2Fv2%2Fcomments&post=854"}],"version-history":[{"count":26,"href":"https:\/\/lemanegedegivet.fr\/index.php?rest_route=\/wp\/v2\/pages\/854\/revisions"}],"predecessor-version":[{"id":2827,"href":"https:\/\/lemanegedegivet.fr\/index.php?rest_route=\/wp\/v2\/pages\/854\/revisions\/2827"}],"wp:attachment":[{"href":"https:\/\/lemanegedegivet.fr\/index.php?rest_route=%2Fwp%2Fv2%2Fmedia&parent=854"}],"curies":[{"name":"wp","href":"https:\/\/api.w.org\/{rel}","templated":true}]}}